{"id":38,"date":"2015-09-08T15:56:20","date_gmt":"2015-09-08T15:56:20","guid":{"rendered":"http:\/\/fimm.evento.unq.edu.ar\/?page_id=38"},"modified":"2020-02-20T15:06:51","modified_gmt":"2020-02-20T15:06:51","slug":"cronograma-extendido-v-fimm","status":"publish","type":"page","link":"http:\/\/fimm.evento.unq.edu.ar\/?page_id=38","title":{"rendered":"Fimm VI"},"content":{"rendered":"<h2><strong>Cronograma Detallado<\/strong><\/h2>\n<p>&nbsp;<\/p>\n<h3><strong>Martes 26<\/strong><\/h3>\n<pre><strong>19:00 hs<\/strong> - Jailson Raulino (Brasil)<\/pre>\n<p><a href=\"http:\/\/fimm.evento.unq.edu.ar\/wp-content\/uploads\/sites\/9\/2015\/09\/Jailson.jpg\"><img loading=\"lazy\" class=\"wp-image-395 alignleft\" src=\"http:\/\/fimm.evento.unq.edu.ar\/wp-content\/uploads\/sites\/9\/2015\/09\/Jailson-294x300.jpg\" alt=\"\" width=\"246\" height=\"251\" \/><\/a><\/p>\n<p>&nbsp;<\/p>\n<p style=\"margin: 0cm;margin-bottom: .0001pt;text-align: justify\"><span style=\"font-family: 'Arial','sans-serif';color: black\">Jailson Raulino es clarinetista, Doctor en M\u00fasica por la Universidad Federal de Bah\u00eda (2008). Estudi\u00f3 el frevo como un g\u00e9nero de resistencia en la poscolonialidad brasile\u00f1a. Tambi\u00e9n realiz\u00f3 un estudio interpretativo sobre \u00abAir\u00bb, obra de Carlos Gomes para clarinete y piano, con an\u00e1lisis basado en la Teor\u00eda Anal\u00edtica Schenkeriana.<\/span><\/p>\n<p style=\"margin: 0cm;margin-bottom: .0001pt;text-align: justify\"><span style=\"font-family: 'Arial','sans-serif';color: black\">En la actualidad es l\u00edder del Grupo de Investigaci\u00f3n en Competencias Ejecutables Musicales y Did\u00e1cticas Instrumentales de la Universidad Federal de Pernambuco (UFPE), centralizado en la investigaci\u00f3n en performance musical y ense\u00f1anza de los instrumentos musicales, con \u00e9nfasis en la pr\u00e1ctica interpretativa de la m\u00fasica brasile\u00f1a.<\/span><\/p>\n<p>&nbsp;<\/p>\n<p>&nbsp;<\/p>\n<p>&nbsp;<\/p>\n<pre><strong>21:00 hs<\/strong> - Cuarteto de cuerdas UNNOBA (Argentina)<\/pre>\n<p><a href=\"http:\/\/fimm.evento.unq.edu.ar\/wp-content\/uploads\/sites\/9\/2015\/09\/Cuarteto-UNNOBA.jpg\"><img loading=\"lazy\" class=\"wp-image-397 alignleft\" src=\"http:\/\/fimm.evento.unq.edu.ar\/wp-content\/uploads\/sites\/9\/2015\/09\/Cuarteto-UNNOBA-300x200.jpg\" alt=\"\" width=\"252\" height=\"168\" \/><\/a><\/p>\n<p style=\"margin: 0cm;margin-bottom: .0001pt;text-align: justify\"><span style=\"font-family: 'Arial','sans-serif';color: black\">El Cuarteto UNNOBA surge en el a\u00f1o 2010 y est\u00e1 conformado por cuatro solistas de la Orquesta Estable del Teatro Argentino de La Plata: Federico Moujan y Pablo Labanda en violines, Ricardo Bugallo en viola y Pablo Romero en violoncello; todos con una extensa trayectoria art\u00edstica y acad\u00e9mica.<\/span><\/p>\n<p style=\"margin: 0cm;margin-bottom: .0001pt;text-align: justify\"><span style=\"font-family: 'Arial','sans-serif';color: black\">Con el auspicio de la UNNOBA (Universidad Nacional del Noroeste de Buenos Aires) realiza una intensa actividad docente en la Provincia de Buenos Aires, as\u00ed como tambi\u00e9n la difusi\u00f3n del repertorio acad\u00e9mico tanto argentino como universal para esta formaci\u00f3n.<\/span><\/p>\n<p style=\"margin: 0cm;margin-bottom: .0001pt;text-align: justify\"><span style=\"font-family: 'Arial','sans-serif';color: black\">El Cuarteto UNNOBA se ha presentado en diversos lugares de la Argentina tales como Capital Federal, La Plata (Teatro Argentino), Rosario, Mendoza (Festival Internacional por los Caminos del Vino), Chubut, Costa Atl\u00e1ntica, Uruguay, Espa\u00f1a y Francia.<\/span><\/p>\n<p>&nbsp;<\/p>\n<hr \/>\n<h3><strong>Mi\u00e9rcoles 27<\/strong><\/h3>\n<pre><strong>19:00 hs<\/strong> - Quadra Ensamble (Argentina)<\/pre>\n<p><img loading=\"lazy\" class=\" wp-image-546 alignleft\" src=\"http:\/\/fimm.evento.unq.edu.ar\/wp-content\/uploads\/sites\/9\/2017\/09\/Quadra-Ensamble-1-300x195.jpg\" alt=\"\" width=\"312\" height=\"203\" \/><\/p>\n<p style=\"margin: 0cm;margin-bottom: .0001pt;text-align: justify\"><span style=\"font-family: 'Arial','sans-serif';color: black\">El Quadra Ensamble se establece, desde 2017, como Proyecto Art\u00edstico enmarcado en la Escuela Universitaria de Artes de la Universidad Nacional de Quilmes.<\/span><\/p>\n<p style=\"margin: 0cm;margin-bottom: .0001pt;text-align: justify\"><span style=\"font-family: 'Arial','sans-serif';color: black\">Es Producto del trabajo espec\u00edfico realizado desde 2015 con las obras en instancias de tesis de los estudiantes de la Licenciatura en Composici\u00f3n con Medios Electroac\u00fasticos (LCME) y continuando en la l\u00ednea de trabajo de la relaci\u00f3n instrumentista-compositor iniciado con anterioridad por la Sinfonietta Sine Fulcro.<\/span><\/p>\n<p style=\"margin: 0cm;margin-bottom: .0001pt;text-align: justify\"><span style=\"font-family: 'Arial','sans-serif';color: black\">La Direcci\u00f3n Art\u00edstica est\u00e1 a cargo de Luis Nesa, Director, egresado y docente UNQ, con la Asesor\u00eda Art\u00edstica de Marcos Franciosi, compositor y Director de la LCME, y Diego Romero Mascar\u00f3, compositor y Director de la EUdA.<\/span><\/p>\n<p style=\"margin: 0cm;margin-bottom: .0001pt;text-align: justify\"><span style=\"font-family: 'Arial','sans-serif';color: black\">Con un perfil de j\u00f3venes instrumentistas, muchos de ellos egresados o estudiantes de la UNQ, propone una relaci\u00f3n del instrumentista con el medio de igual manera tanto con obras de estudiantes,como de compositores de experiencia.<\/span><\/p>\n<p>&nbsp;<\/p>\n<p>&nbsp;<\/p>\n<pre><strong>21:00 hs<\/strong> - 34 Pu\u00f1aladas (Argentina)<\/pre>\n<p><a href=\"http:\/\/fimm.evento.unq.edu.ar\/wp-content\/uploads\/sites\/9\/2015\/09\/34-pu\u00f1aladas.jpg\"><img loading=\"lazy\" class=\"size-medium wp-image-398 alignleft\" src=\"http:\/\/fimm.evento.unq.edu.ar\/wp-content\/uploads\/sites\/9\/2015\/09\/34-pu\u00f1aladas-300x200.jpg\" alt=\"\" width=\"300\" height=\"200\" \/><\/a><\/p>\n<p style=\"margin: 0cm;margin-bottom: .0001pt;text-align: justify\"><span style=\"font-family: 'Arial','sans-serif';color: black\">34 Pu\u00f1aladas es un destacado grupo de tango formado en Buenos Aires en 1998, que integra la nueva generaci\u00f3n tanguera en Argentina surgida a partir de los a\u00f1os 1990, denominada como \u00abGuardia Joven\u00bb, \u00abTango Joven\u00bb o \u00abNuevo Tango\u00bb. El nombre surge del tango \u00abAmablemente\u00bb, con letra de Iv\u00e1n Diez y m\u00fasica de Edmundo Rivero. Tiene una formaci\u00f3n de cuarteto de guitarras y voz solista y se caracteriz\u00f3 por interpretar tangos lunfardos, reos y carcelarios de las d\u00e9cadas de 1920 y 1930. 34 Pu\u00f1aladas est\u00e1 integrado por Maximiliano Cort\u00e9z (guitarra), Edgardo Gonz\u00e1lez (guitarra), Juan Lorenzo (guitarra), Lucas Ferrara (guitarr\u00f3n) y Alejandro Guyot (voz).<\/span><\/p>\n<p style=\"margin: 0cm;margin-bottom: .0001pt;text-align: justify\"><span style=\"font-family: 'Arial','sans-serif';color: black\">Han obtenido destacados premios por sus discos \u00abTangos Carcelarios\u00bb, \u00abSlang\u00bb y \u00abArgot\u00bb, publican \u00abAstiya\u00bb (2014), su sexto CD, integrado por composiciones propias, destacado por su originalidad y por manifestarla permanente vigencia del grupo.<\/span><span style=\"font-family: 'Arial','sans-serif'\">En julio del 2017 presentaron su nuevo disco \u00abLas historias del humo\u00bb cuyo repertorio ser\u00e1 interpretado en el FIMM<\/span><\/p>\n<p>&nbsp;<\/p>\n<hr \/>\n<h3><strong>Jueves 28<\/strong><\/h3>\n<pre><strong>19:00 hs<\/strong> - Quique Sinesi tr\u00edo (Argentina)<\/pre>\n<p><a href=\"http:\/\/fimm.evento.unq.edu.ar\/wp-content\/uploads\/sites\/9\/2015\/09\/Quique-Sinesi.jpg\"><img loading=\"lazy\" class=\"size-medium wp-image-399 alignleft\" src=\"http:\/\/fimm.evento.unq.edu.ar\/wp-content\/uploads\/sites\/9\/2015\/09\/Quique-Sinesi-300x225.jpg\" alt=\"\" width=\"300\" height=\"225\" \/><\/a><\/p>\n<p style=\"margin: 0cm;margin-bottom: .0001pt;text-align: justify\"><span style=\"font-family: 'Arial','sans-serif';color: black\">Quique Sinesi Tr\u00edo, formado en el a\u00f1o 2010, est\u00e1 integrado por Quique Sinesi(guitarra espa\u00f1ola Midi de siete cuerdas, guitarra ac\u00fastica, Ronroco, guitarra P\u00edccolo y composici\u00f3n); Eliana Liuni (saxo soprano, clarinete, arm\u00f3nica y flautas); Horacio Cacoliris(percusi\u00f3n y accesorios).<\/span><\/p>\n<p style=\"margin: 0cm;margin-bottom: .0001pt;text-align: justify\"><span style=\"font-family: 'Arial','sans-serif';color: black\">Su m\u00fasica Instrumental incorpora elementos del folclore argentino, de la m\u00fasica rioplatense, con una apertura al jazz, la m\u00fasica cl\u00e1sica y m\u00fasicas del mundo.<\/span><\/p>\n<p style=\"margin: 0cm;margin-bottom: .0001pt;text-align: justify\"><span style=\"font-family: 'Arial','sans-serif';color: black\">Realizaron conciertos en Uruguay y en las provincias de Santa F\u00e9, San Juan, Mendoza, Entre R\u00edos, Neuqu\u00e9n y en Buenos Aires, en espacios como la Usina del Arte, la Casa de la Cultura del Fondo Nacional de las Artes, la Biblioteca Nacional, el Auditorio Belgrano, el Centro Cultural Kirchner, entre otros.<\/span><\/p>\n<p style=\"margin: 0cm;margin-bottom: .0001pt;text-align: justify\"><span style=\"font-family: 'Arial','sans-serif';color: black\">Tambi\u00e9n han participado del Encuentro de M\u00fasicos Populares de Rosario y del Festival Guitarras del Mundo.<\/span><\/p>\n<p>&nbsp;<\/p>\n<p>&nbsp;<\/p>\n<pre><strong>21:00 hs<\/strong> - Claudio Espector (Argentina)<\/pre>\n<p><a href=\"http:\/\/fimm.evento.unq.edu.ar\/wp-content\/uploads\/sites\/9\/2015\/09\/Claudio-Espector-Acompa\u00f1ante1.jpg\"><img loading=\"lazy\" class=\"wp-image-456 alignleft\" src=\"http:\/\/fimm.evento.unq.edu.ar\/wp-content\/uploads\/sites\/9\/2017\/09\/Claudio_Espector-300x200.jpg\" alt=\"\" width=\"282\" height=\"188\" \/><\/a><a href=\"http:\/\/fimm.evento.unq.edu.ar\/wp-content\/uploads\/sites\/9\/2015\/09\/Claudio-Espector-Acompa\u00f1ante-2.jpg\"><img loading=\"lazy\" class=\"wp-image-409 alignleft\" src=\"http:\/\/fimm.evento.unq.edu.ar\/wp-content\/uploads\/sites\/9\/2015\/09\/Claudio-Espector-Acompa\u00f1ante-2-262x300.jpg\" alt=\"\" width=\"164\" height=\"188\" \/><\/a><a href=\"http:\/\/fimm.evento.unq.edu.ar\/wp-content\/uploads\/sites\/9\/2015\/09\/Claudio-Espector-Acompa\u00f1ante1.jpg\"><img loading=\"lazy\" class=\"wp-image-406 alignleft\" src=\"http:\/\/fimm.evento.unq.edu.ar\/wp-content\/uploads\/sites\/9\/2015\/09\/Claudio-Espector-Acompa\u00f1ante1-272x300.jpg\" alt=\"\" width=\"170\" height=\"188\" \/><\/a><\/p>\n<p>Claudio Espector se form\u00f3 como pianista en Buenos Aires, en el Conservatorio Superior \u201cManuel de Falla\u201d. En 1979 obtiene una beca para realizar sus estudios de Magister por el Conservatorio Tchaikovsky de Mosc\u00fa.<\/p>\n<p>Realiza una intensa y extensa actividad en recitales, integrando diversos ensambles de m\u00fasica de c\u00e1mara y como solista con importantes orquestas, tanto en su pa\u00eds como en el exterior.<\/p>\n<p>En esta oportunidad se presenta en la UNQ junto a N\u00e9stor Tedesco (violoncelista) primer atril en la Orquesta Estable del Teatro Col\u00f3n por m\u00e1s de tres d\u00e9cadas y Fabrizio Zanella (violinista y director) miembro de la Orquesta Nacional de M\u00fasica Argentina.<\/p>\n<p>Realizar\u00e1n un concierto denominado <em>M\u00fasica de la Revoluci\u00f3n, <\/em>donde interpretar\u00e1n obras de autores rusos a modo de homenaje de los 100 a\u00f1os de la Revoluci\u00f3n Rusa.<\/p>\n<p>Su presentaci\u00f3n se realiza en el marco del Ciclo Pianos M\u00faltiples de la EUdA.<\/p>\n<p>&nbsp;<\/p>\n<hr \/>\n<h3><strong>Viernes 29<\/strong><\/h3>\n<pre><strong>19:00 hs<\/strong> - D\u00faa de Pel (Espa\u00f1a)<\/pre>\n<p><a href=\"http:\/\/fimm.evento.unq.edu.ar\/wp-content\/uploads\/sites\/9\/2015\/09\/Dua-de-Pel.jpg\"><img loading=\"lazy\" class=\"size-medium wp-image-400 alignleft\" src=\"http:\/\/fimm.evento.unq.edu.ar\/wp-content\/uploads\/sites\/9\/2015\/09\/Dua-de-Pel-300x200.jpg\" alt=\"\" width=\"300\" height=\"200\" \/><\/a><\/p>\n<p style=\"margin: 0cm;margin-bottom: .0001pt;text-align: justify\"><span style=\"font-family: 'Arial','sans-serif';color: black\">Du\u0301a de Pel es un du\u0301o literario-musical que se sumerge en las rai\u0301ces de la tradicio\u0301n para reinventarla. Reinventarla porque es una tradicio\u0301n, un folclore, creado hoy en di\u0301a, con letras de Eva Guillamo\u0301n y mu\u0301sica de Sonia Megi\u0301as. Ambas decidieron embarcarse en este ambicioso proyecto movidas por la curiosidad de llegar ma\u0301s alla\u0301, o ma\u0301s atra\u0301s, mejor dicho, para recuperar una mu\u0301sica que parece salir del mismo nu\u0301cleo terrestre.<\/span><\/p>\n<p style=\"margin: 0cm;margin-bottom: .0001pt;text-align: justify\"><span style=\"font-family: 'Arial','sans-serif';color: black\">Son muchas las actuaciones que Du\u0301a de Pel lleva a sus espaldas, tanto a nivel nacional como internacional, destacando las giras realizadas por Centroame\u0301rica (2015); Estados Unidos (2016), invitadas, entre otros, por la prestigiosa Juilliard School de Nueva York para una masterclass sobre la influencia del folclore en la mu\u0301sica cla\u0301sica; o China (2017) promocionadas por el Instituto Cervantes.<\/span><\/p>\n<p>&nbsp;<\/p>\n<h4><\/h4>\n<p>&nbsp;<\/p>\n<pre><strong>21:00 hs<\/strong> - New Babylon Ensamble (Alemania)<\/pre>\n<p><a href=\"http:\/\/fimm.evento.unq.edu.ar\/wp-content\/uploads\/sites\/9\/2015\/09\/New-Babylon.jpg\"><img loading=\"lazy\" class=\"size-medium wp-image-403 alignleft\" src=\"http:\/\/fimm.evento.unq.edu.ar\/wp-content\/uploads\/sites\/9\/2015\/09\/New-Babylon-300x183.jpg\" alt=\"\" width=\"300\" height=\"183\" \/><\/a><\/p>\n<p style=\"margin: 0cm;margin-bottom: .0001pt;text-align: justify\"><span style=\"font-family: 'Arial','sans-serif';color: black\">New Babylon es un intento germano-argentino-chileno de desafiar la idea de identidad nacional en la aproximaci\u00f3n composicional. Desde su fundaci\u00f3n en 2012, en Bremen-Alemania, el ensamble New Babylon ha tratado dos problem\u00e1ticas fundamentales: por un lado, la interpretaci\u00f3n de m\u00fasica contempor\u00e1nea a trav\u00e9s de diversos conceptos creativos, y por otra parte, la promoci\u00f3n de la tolerancia para con lo desconocido e inusual. Dentro de esto es central el intercambio cultural pac\u00edfico con otras nacionalidades, lo cual ha sido siempre una caracter\u00edstica distintiva del ensamble, pues sus miembros provienen de doce nacionalidades diferentes.<\/span><\/p>\n<p style=\"margin: 0cm;margin-bottom: .0001pt;text-align: justify\"><span style=\"font-family: 'Arial','sans-serif';color: black\">Junto con miembros del ensamble y colegas compositores chilenos, se ha comenzado a desarrollar un concepto en torno a la pregunta por la identidad nacional. La idea es evaluar la influencia consciente o inconsciente de la herencia nacional durante el proceso creativo.<\/span><\/p>\n<p>&nbsp;<\/p>\n<p>&nbsp;<\/p>\n<hr \/>\n<h3><strong>S\u00e1bado 30<\/strong><\/h3>\n<pre><strong>20:00 hs<\/strong> - Alejandro Falc\u00f3n y Cubadentro (Cuba)<\/pre>\n<p><img loading=\"lazy\" class=\"size-medium wp-image-557 alignleft\" src=\"http:\/\/fimm.evento.unq.edu.ar\/wp-content\/uploads\/sites\/9\/2015\/09\/Alejandro-Falc\u00f3n-foto-199x300.jpg\" alt=\"\" width=\"199\" height=\"300\" \/><\/p>\n<p>&nbsp;<\/p>\n<p>&nbsp;<\/p>\n<p style=\"margin: 0cm;margin-bottom: .0001pt;text-align: justify\"><span style=\"font-family: 'Arial','sans-serif';color: black\">Alejandro Falc\u00f3n es pianista, compositor y productor musical cubano de intensa trayectoria como jazzista. En su obra inserta m\u00faltiples elementos de la m\u00fasica cubana y latinoamericana, principalmente danz\u00f3n, baile nacional de Cuba surgido en el siglo XIX, que es revitalizado en su lenguaje jazz\u00edstico. Ha integrado importantes agrupaciones de m\u00fasica popular y de jazz, y en 2008 fund\u00f3 su propio proyecto: Alejandro Falc\u00f3n y Cubadentro, con el cual se ha presentado en escenarios de Cuba y del mundo.<\/span><\/p>\n<p style=\"margin: 0cm;margin-bottom: .0001pt;text-align: justify\"><span style=\"font-family: 'Arial','sans-serif';color: black\">Sus fonogramas, Claroscuro y Cuba Now Danz\u00f3n (Sello Colibr\u00ed), han sido premiados en el Festival Cubadisco 2013 y 2015, y en el Festival Musicalia del Instituto Superior de Arte de Cuba y Premios en Composici\u00f3n e Interpretaci\u00f3n en el certamen Jojazz.<\/span><\/p>\n<p>&nbsp;<\/p>\n<p>&nbsp;<\/p>\n<p>&nbsp;<\/p>\n<hr \/>\n<p><a href=\"http:\/\/fimm.evento.unq.edu.ar\/wp-content\/uploads\/sites\/9\/2018\/09\/programa-Fimm-Ultimo-28-09-17.pdf\">DESCARGAR PROGRAMA<\/a><\/p>\n","protected":false},"excerpt":{"rendered":"<p>Cronograma Detallado &nbsp; Martes 26 19:00 hs &#8211; Jailson Raulino (Brasil) &nbsp; Jailson Raulino es clarinetista, Doctor en M\u00fasica por la Universidad Federal de Bah\u00eda (2008). Estudi\u00f3 el frevo como un g\u00e9nero de resistencia en la poscolonialidad brasile\u00f1a. Tambi\u00e9n realiz\u00f3 un estudio interpretativo sobre \u00abAir\u00bb, obra de Carlos Gomes para clarinete y piano, con an\u00e1lisis [&hellip;]<\/p>\n","protected":false},"author":11,"featured_media":0,"parent":0,"menu_order":0,"comment_status":"closed","ping_status":"closed","template":"","meta":[],"_links":{"self":[{"href":"http:\/\/fimm.evento.unq.edu.ar\/index.php?rest_route=\/wp\/v2\/pages\/38"}],"collection":[{"href":"http:\/\/fimm.evento.unq.edu.ar\/index.php?rest_route=\/wp\/v2\/pages"}],"about":[{"href":"http:\/\/fimm.evento.unq.edu.ar\/index.php?rest_route=\/wp\/v2\/types\/page"}],"author":[{"embeddable":true,"href":"http:\/\/fimm.evento.unq.edu.ar\/index.php?rest_route=\/wp\/v2\/users\/11"}],"replies":[{"embeddable":true,"href":"http:\/\/fimm.evento.unq.edu.ar\/index.php?rest_route=%2Fwp%2Fv2%2Fcomments&post=38"}],"version-history":[{"count":130,"href":"http:\/\/fimm.evento.unq.edu.ar\/index.php?rest_route=\/wp\/v2\/pages\/38\/revisions"}],"predecessor-version":[{"id":1112,"href":"http:\/\/fimm.evento.unq.edu.ar\/index.php?rest_route=\/wp\/v2\/pages\/38\/revisions\/1112"}],"wp:attachment":[{"href":"http:\/\/fimm.evento.unq.edu.ar\/index.php?rest_route=%2Fwp%2Fv2%2Fmedia&parent=38"}],"curies":[{"name":"wp","href":"https:\/\/api.w.org\/{rel}","templated":true}]}}